{"id":11,"date":"2016-02-20T23:49:41","date_gmt":"2016-02-20T23:49:41","guid":{"rendered":"http:\/\/totaltheme.wpengine.com\/sustainable\/?page_id=11"},"modified":"2022-03-18T09:52:08","modified_gmt":"2022-03-18T07:52:08","slug":"home","status":"publish","type":"page","link":"https:\/\/www.solidaritate.eu\/","title":{"rendered":"Acas\u0103"},"content":{"rendered":"[vc_column]\n<h2 class=\"vcex-module vcex-heading vcex-heading-plain\" style=\"color:#020202;font-family:Exo;font-size:42px;text-align:center;\"><span class=\"vcex-heading-inner clr vc_custom_1520536688611\">ECONOMIE SOCIAL\u0102 \u0218I SOLIDAR\u0102<\/span><\/h2><div class=\"vcex-spacing\" style=\"height:20px\"><\/div><h3 class=\"vcex-module vcex-heading vcex-heading-plain\" style=\"color:#020202;font-family:Open Sans;font-size:24px;text-align:center;\"><span class=\"vcex-heading-inner clr vc_custom_1520536759663\">Cooperativele, \u00eentreprinderile sociale \u0219i dezvoltarea local\u0103 participativ\u0103 sunt specialitatea noastr\u0103.<\/span><\/h3><div class=\"vcex-spacing\" style=\"height:30px\"><\/div><div class=\"textcenter theme-button-wrap clr\"><a href=\"https:\/\/www.solidaritate.eu\/index.php\/despre-noi\/\" title=\"Get Started\" class=\"vcex-button theme-button align-center inline animate-on-hover wpex-data-hover\" style=\"background:#ff001f;font-size:18px;font-family:Exo;\" data-hover-background=\"#e00007\"><span class=\"theme-button-inner\">Hai s\u0103 \u00eencepem<\/span><\/a><\/div> [\/vc_column][vc_row full_width=&#8221;stretch_row&#8221; parallax=&#8221;content-moving-fade&#8221; css=&#8221;.vc_custom_1520538206862{padding-top: 20px !important;padding-bottom: 20px !important;background-position: center;background-repeat: no-repeat !important;background-size: cover !important;}&#8221;][vc_column]<div class=\"vcex-module vcex-heading vcex-heading-plain\" style=\"color:#000000;font-family:Exo;font-size:30px;text-align:center;\"><span class=\"vcex-heading-inner clr vc_custom_1521568012484\">SOLIDARITATEA ESTE CHEIA<\/span><\/div><div class=\"vcex-spacing\" style=\"height:20px\"><\/div><h2 class=\"vcex-module vcex-heading vcex-heading-plain\" style=\"color:#000000;font-family:Open Sans;text-align:center;\"><span class=\"vcex-heading-inner clr vc_custom_1521567993444\">\u00cen \u00eentreprinderi, organiza\u021bii \u0219i comunit\u0103\u021bi.<\/span><\/h2><div class=\"vcex-spacing\" style=\"height:20px\"><\/div><div class=\"vcex-module vcex-icon clr vcex-icon-normal vcex-icon-float-center custom-size has-bg remove-padding remove-dimensions\"><div class=\"vcex-icon-wrap\" style=\"font-size:36px;color:#ffffff;background-color:#3bafda;border-radius:50%;height:80px;line-height:80px;width:80px;\"><span class=\"fa fa-handshake-o\"><\/span><\/div><\/div>[\/vc_column][\/vc_row][vc_row full_width=&#8221;stretch_row&#8221; parallax=&#8221;content-moving-fade&#8221; css=&#8221;.vc_custom_1526322077326{padding-top: 140px !important;padding-bottom: 100px !important;background: #000000 url(https:\/\/www.solidaritate.eu\/wp-content\/uploads\/2018\/05\/foto-amplasament-Spantov.jpg?id=428);background-position: center;background-repeat: no-repeat !important;background-size: cover !important;}&#8221;][vc_column]<div class=\"vcex-module vcex-heading vcex-heading-plain\" style=\"color:#000000;font-family:Exo;font-size:30px;text-align:center;\"><span class=\"vcex-heading-inner clr vc_custom_1521567505476\">CUM LUCR\u0102M<\/span><\/div><div class=\"vcex-spacing\" style=\"height:20px\"><\/div><h2 class=\"vcex-module vcex-heading vcex-heading-plain\" style=\"color:#000000;font-family:Open Sans;text-align:center;\"><span class=\"vcex-heading-inner clr vc_custom_1521567709536\">Contribuim la dezvoltarea ideii voastre de \u00eentreprindere social\u0103 sau a localit\u0103\u021bii voastre.<br \/>\nDe la idee la realizare.<\/span><\/h2>[\/vc_column][\/vc_row][vc_row css=&#8221;.vc_custom_1489873279516{padding-top: 100px !important;padding-bottom: 60px !important;}&#8221;][vc_column width=&#8221;1\/4&#8243;]<div class=\"vcex-module vcex-icon-box clr vcex-icon-box-two vcex-icon-box-w-bg\"><div class=\"vcex-icon-box-icon no-padding\" style=\"color:#ffffff;width:80px;font-size:36px;border-radius:50%;background:#f6bb42;height:80px;line-height:80px;\"><span class=\"typcn typcn-group-outline\"><\/span><\/div><div class=\"vcex-icon-box-heading\" style=\"font-family:Exo;color:#000000;\" >Consultan\u021bi cu experien\u021b\u0103, recunoscu\u021bi interna\u021bional<\/div><div class=\"vcex-icon-box-content clr\" ><p>Consultan\u021bii no\u0219trii proiecteaz\u0103 \u0219i conduc procese participative pentru implicarea \u0219i mobilizarea actorilor locali \u00een dezvoltarea local\u0103.<\/p>\n<\/div><\/div>[\/vc_column][vc_column width=&#8221;1\/4&#8243;]<div class=\"vcex-module vcex-icon-box clr vcex-icon-box-two vcex-icon-box-w-bg\"><div class=\"vcex-icon-box-icon no-padding\" style=\"color:#ffffff;width:80px;font-size:36px;border-radius:50%;background:#3bafda;height:80px;line-height:80px;\"><span class=\"fa fa-calendar\"><\/span><\/div><div class=\"vcex-icon-box-heading\" style=\"font-family:Exo;color:#000000;\" >Planificare \u0219i consultan\u021b\u0103 pentru \u00eentreprinderi sociale<\/div><div class=\"vcex-icon-box-content clr\" ><p>Consultan\u021bii no\u0219trii au lucrat cu peste 20 de \u00eentreprinderi sociale, cooperative, case de ajutor reciproc inclusiv \u00een mediul rural.<\/p>\n<\/div><\/div>[\/vc_column][vc_column width=&#8221;1\/4&#8243;]<div class=\"vcex-module vcex-icon-box clr vcex-icon-box-two vcex-icon-box-w-bg\"><div class=\"vcex-icon-box-icon no-padding\" style=\"color:#ffffff;width:80px;font-size:36px;border-radius:50%;background:#81d742;height:80px;line-height:80px;\"><span class=\"fa fa-external-link\"><\/span><\/div><div class=\"vcex-icon-box-heading\" style=\"font-family:Exo;color:#000000;\" >Strategii de dezvoltare local\u0103<\/div><div class=\"vcex-icon-box-content clr\" ><p>Avem o metodologie proprie de analiz\u0103 a situa\u021biei economico-sociale a localit\u0103\u021bilor. Am dezvoltat de asemenea instrumente de consultare a cet\u0103\u021benilor pentru definirea priorit\u0103\u021bilor \u0219i strategiilor de dezvoltare.<\/p>\n<\/div><\/div>[\/vc_column][vc_column width=&#8221;1\/4&#8243;]<div class=\"vcex-module vcex-icon-box clr vcex-icon-box-two vcex-icon-box-w-bg\"><div class=\"vcex-icon-box-icon no-padding\" style=\"color:#ffffff;width:80px;font-size:36px;border-radius:50%;background:#8224e3;height:80px;line-height:80px;\"><span class=\"fa fa-folder-open-o\"><\/span><\/div><div class=\"vcex-icon-box-heading\" style=\"font-family:Exo;color:#000000;\" >Proiecte integrate de dezvoltare local\u0103<\/div><div class=\"vcex-icon-box-content clr\" ><p>V\u0103 ajut\u0103m s\u0103 identifica\u021bi acele proiecte pentru care sunte\u021bi preg\u0103ti\u021bi, care s\u0103 creeze rezultate pe termen lung \u0219i s\u0103 valorifice cel mai bine resursele locale.<\/p>\n<\/div><\/div>[\/vc_column][\/vc_row][vc_row full_width=&#8221;stretch_row&#8221; parallax=&#8221;content-moving-fade&#8221; css=&#8221;.vc_custom_1520792630167{padding-top: 140px !important;padding-bottom: 100px !important;background: #000000 url(https:\/\/www.solidaritate.eu\/wp-content\/uploads\/2018\/03\/people-woman-coffee-meeting.jpg?id=226);background-position: center;background-repeat: no-repeat !important;background-size: cover !important;}&#8221;][vc_column]<div class=\"vcex-module vcex-heading vcex-heading-plain\" style=\"color:#000000;font-family:Exo;font-size:30px;text-align:center;\"><span class=\"vcex-heading-inner clr vc_custom_1521567561798\">CE FACEM<\/span><\/div><div class=\"vcex-spacing\" style=\"height:20px\"><\/div><h2 class=\"vcex-module vcex-heading vcex-heading-plain\" style=\"color:#000000;font-family:Open Sans;text-align:center;\"><span class=\"vcex-heading-inner clr vc_custom_1521567772094\">Laboratorul nu face doar proiecte.<br \/>\nCreaz\u0103 noi dinamici \u00een organiza\u021bii \u0219i comunit\u0103\u021bi.<\/span><\/h2>[\/vc_column][\/vc_row][vc_row css=&#8221;.vc_custom_1489873279516{padding-top: 100px !important;padding-bottom: 60px !important;}&#8221;][vc_column width=&#8221;1\/4&#8243;]<div class=\"vcex-module vcex-icon-box clr vcex-icon-box-two vcex-icon-box-w-bg\"><div class=\"vcex-icon-box-icon no-padding\" style=\"color:#ffffff;width:80px;font-size:36px;border-radius:50%;background:#f6bb42;height:80px;line-height:80px;\"><span class=\"fa fa-book\"><\/span><\/div><div class=\"vcex-icon-box-heading\" style=\"font-family:Exo;color:#000000;\" >Cursuri de antreprenoriat social \u0219i managementul \u00eentreprinderii sociale \u0219i cooperative<\/div><div class=\"vcex-icon-box-content clr\" ><p>Pentru orice categorii de persoane interesate de initierea unei cooperative sau intreprinderi sociale. Pentru antreprenori \u0219i manageri de \u00eentreprinderi sociale \u0219i cooperative.<\/p>\n<\/div><\/div>[\/vc_column][vc_column width=&#8221;1\/4&#8243;]<div class=\"vcex-module vcex-icon-box clr vcex-icon-box-two vcex-icon-box-w-bg\"><div class=\"vcex-icon-box-icon no-padding\" style=\"color:#ffffff;width:80px;font-size:36px;border-radius:50%;background:#3bafda;height:80px;line-height:80px;\"><span class=\"fa fa-bullseye\"><\/span><\/div><div class=\"vcex-icon-box-heading\" style=\"font-family:Exo;color:#000000;\" >Strategii de dezvoltare local\u0103 prin economia social\u0103 \u0219i solidar\u0103<\/div><div class=\"vcex-icon-box-content clr\" ><p>Consultan\u021bii no\u0219trii au realizat strategii de dezvoltare local\u0103 pentru 4 comune din Rom\u00e2nia: Dichiseni, Doroban\u021bu, Span\u021bov &#8211; jud. C\u0103l\u0103ra\u0219i, Slobozia Bradului &#8211; jud. Vrancea, ora\u0219ul Horezu &#8211; jud. V\u00e2lcea, Grupul de Ac\u021biune Local\u0103 Leader &#8211; Microregiunea Horezu.<\/p>\n<\/div><\/div>[\/vc_column][vc_column width=&#8221;1\/4&#8243;]<div class=\"vcex-module vcex-icon-box clr vcex-icon-box-two vcex-icon-box-w-bg\"><div class=\"vcex-icon-box-icon no-padding\" style=\"color:#ffffff;width:80px;font-size:36px;border-radius:50%;background:#81d742;height:80px;line-height:80px;\"><span class=\"fa fa-refresh\"><\/span><\/div><div class=\"vcex-icon-box-heading\" style=\"font-family:Exo;color:#000000;\" >Proiecte de dezvoltare local\u0103 sustenabil\u0103 prin economia social\u0103 \u0219i solidar\u0103<\/div><div class=\"vcex-icon-box-content clr\" ><p>Eco-turism: camping pentru pescarii sportivi, cicloturi\u0219ti \u0219i al\u021bi c\u0103l\u0103tori in Lunca Dun\u0103rii \u0219i pe Lacul Mosti\u0219tea. Preg\u0103tire proiecte \u00een comunele Lie\u0219ti jud. Gala\u021bi \u0219i Dragalina jud. C\u0103l\u0103ra\u0219i.<\/p>\n<\/div><\/div>[\/vc_column][vc_column width=&#8221;1\/4&#8243;]<div class=\"vcex-module vcex-icon-box clr vcex-icon-box-two vcex-icon-box-w-bg\"><div class=\"vcex-icon-box-icon no-padding\" style=\"color:#ffffff;width:80px;font-size:36px;border-radius:50%;background:#8224e3;height:80px;line-height:80px;\"><span class=\"fa fa-check\"><\/span><\/div><div class=\"vcex-icon-box-heading\" style=\"font-family:Exo;color:#000000;\" >Consultan\u021b\u0103 \u0219i acompaniere \u00een procesul de dezvoltare pentru start-up-uri<\/div><div class=\"vcex-icon-box-content clr\" ><p>Dezvoltare de \u00eentreprinderi sociale, case de ajutor reciproc \u0219i cooperative. Cu noi pute\u021bi \u00eendr\u0103zni.<\/p>\n<\/div><\/div>[\/vc_column][\/vc_row][vc_row css=&#8221;.vc_custom_1526317983056{padding-top: 60px !important;padding-bottom: 20px !important;}&#8221; local_scroll_id=&#8221;contact&#8221;][vc_column width=&#8221;1\/2&#8243;]<div class=\"vcex-module vcex-heading vcex-heading-plain\" style=\"color:#000000;font-family:Exo;font-size:36px;line-height:1.2em;\"><span class=\"vcex-heading-inner clr\">V\u0103 ajut\u0103m s\u0103 v\u0103 pune\u021bi visele \u00een practic\u0103<\/span><\/div><div class=\"vcex-spacing\" style=\"height:20px\"><\/div>[vc_column_text font_family=&#8221;Open Sans&#8221;]Contribuim la dezvoltarea ideii voastre de \u00eentreprindere social\u0103 sau a localit\u0103\u021bii voastre. De la idee la realizare.[\/vc_column_text]<div class=\"vcex-spacing\" style=\"height:20px\"><\/div><div class=\"vcex-module vcex-heading vcex-heading-plain\" style=\"color:#000000;font-family:Exo;\"><span class=\"vcex-heading-inner clr\">Sta\u021bi \u00een leg\u0103tur\u0103 cu noi<\/span><\/div><div class=\"vcex-spacing\" style=\"height:10px\"><\/div>[vc_column_text font_family=&#8221;Open Sans&#8221;]Urm\u0103ri\u021bi-ne \u00een Social Media pentru ultimele \u0219tiri \u0219i nout\u0103\u021bi[\/vc_column_text]<div class=\"vcex-spacing\" style=\"height:20px\"><\/div><div class=\"vcex-module wpex-social-btns vcex-social-btns  wpb_animate_when_almost_visible wpb_left-to-right left-to-right\" style=\"font-size:14px;\"><a href=\"https:\/\/www.facebook.com\/solidaritate.eu\/\" class=\"wpex-social-btn wpex-social-btn-flat wpex-social-bg wpex-round no-padding vc_custom_1530969748227 wpex-facebook\" style=\"width:40px;height:40px;line-height:40px;\"><span class=\"fa fa-facebook\" aria-hidden=\"true\"><\/span><span class=\"screen-reader-text\">facebook<\/span><\/a><a href=\"https:\/\/plus.google.com\/+Wpexplorer\/\" class=\"wpex-social-btn wpex-social-btn-flat wpex-social-bg wpex-round no-padding vc_custom_1530969748227 wpex-google-plus\" style=\"width:40px;height:40px;line-height:40px;\"><span class=\"fa fa-google-plus\" aria-hidden=\"true\"><\/span><span class=\"screen-reader-text\">googleplus<\/span><\/a><\/div>[\/vc_column][vc_column width=&#8221;1\/2&#8243;]<div class=\"vcex-module vcex-heading vcex-heading-plain\" style=\"color:#000000;font-family:Exo;font-size:36px;line-height:1.2em;\"><span class=\"vcex-heading-inner clr\">Contacta\u021bi-ne<\/span><\/div><div class=\"vcex-spacing\" style=\"height:20px\"><\/div><div class=\"vcex-module vcex-form-shortcode wpex-form\"><div role=\"form\" class=\"wpcf7\" id=\"wpcf7-f19-o1\" lang=\"en-US\" dir=\"ltr\">\n<div class=\"screen-reader-response\"><p role=\"status\" aria-live=\"polite\" aria-atomic=\"true\"><\/p> <ul><\/ul><\/div>\n<form action=\"\/index.php\/wp-json\/wp\/v2\/pages\/11#wpcf7-f19-o1\" method=\"post\" class=\"wpcf7-form init\" novalidate=\"novalidate\" data-status=\"init\">\n<div style=\"display: none;\">\n<input type=\"hidden\" name=\"_wpcf7\" value=\"19\" \/>\n<input type=\"hidden\" name=\"_wpcf7_version\" value=\"5.5.4\" \/>\n<input type=\"hidden\" name=\"_wpcf7_locale\" value=\"en_US\" \/>\n<input type=\"hidden\" name=\"_wpcf7_unit_tag\" value=\"wpcf7-f19-o1\" \/>\n<input type=\"hidden\" name=\"_wpcf7_container_post\" value=\"0\" \/>\n<input type=\"hidden\" name=\"_wpcf7_posted_data_hash\" value=\"\" \/>\n<\/div>\n<p><span class=\"wpcf7-form-control-wrap your-name\"><input type=\"text\" name=\"your-name\" value=\"Nume\" size=\"40\" class=\"wpcf7-form-control wpcf7-text wpcf7-validates-as-required\" aria-required=\"true\" aria-invalid=\"false\" \/><\/span><\/p>\n<p><span class=\"wpcf7-form-control-wrap your-email\"><input type=\"email\" name=\"your-email\" value=\"Email\" size=\"40\" class=\"wpcf7-form-control wpcf7-text wpcf7-email wpcf7-validates-as-required wpcf7-validates-as-email\" aria-required=\"true\" aria-invalid=\"false\" \/><\/span><\/p>\n<p><span class=\"wpcf7-form-control-wrap your-subject\"><input type=\"text\" name=\"your-subject\" value=\"Subiect\" size=\"40\" class=\"wpcf7-form-control wpcf7-text wpcf7-validates-as-required\" aria-required=\"true\" aria-invalid=\"false\" \/><\/span><\/p>\n<p><span class=\"wpcf7-form-control-wrap your-message\"><textarea name=\"your-message\" cols=\"40\" rows=\"10\" class=\"wpcf7-form-control wpcf7-textarea\" aria-invalid=\"false\">Mesajul dvs. aici ...<\/textarea><\/span><\/p>\n<p><input type=\"submit\" value=\"Trimite Mesaj\" class=\"wpcf7-form-control has-spinner wpcf7-submit\" \/><\/p>\n<div class=\"wpcf7-response-output\" aria-hidden=\"true\"><\/div><\/form><\/div><\/div>[\/vc_column][\/vc_row]\n","protected":false},"excerpt":{"rendered":"<p>[vc_column] [\/vc_column][vc_row full_width=&#8221;stretch_row&#8221; parallax=&#8221;content-moving-fade&#8221; css=&#8221;.vc_custom_1520538206862{padding-top: 20px !important;padding-bottom: 20px !important;background-position: center;background-repeat: no-repeat !important;background-size: cover !important;}&#8221;][vc_column][\/vc_column][\/vc_row][vc_row full_width=&#8221;stretch_row&#8221; parallax=&#8221;content-moving-fade&#8221; css=&#8221;.vc_custom_1526322077326{padding-top: 140px !important;padding-bottom: 100px !important;background: #000000 url(https:\/\/www.solidaritate.eu\/wp-content\/uploads\/2018\/05\/foto-amplasament-Spantov.jpg?id=428);background-position: center;background-repeat: no-repeat !important;background-size: cover !important;}&#8221;][vc_column][\/vc_column][\/vc_row][vc_row css=&#8221;.vc_custom_1489873279516{padding-top: 100px !important;padding-bottom: 60px !important;}&#8221;][vc_column width=&#8221;1\/4&#8243;][\/vc_column][vc_column width=&#8221;1\/4&#8243;][\/vc_column][vc_column width=&#8221;1\/4&#8243;][\/vc_column][vc_column width=&#8221;1\/4&#8243;][\/vc_column][\/vc_row][vc_row full_width=&#8221;stretch_row&#8221; parallax=&#8221;content-moving-fade&#8221; css=&#8221;.vc_custom_1520792630167{padding-top:&hellip;<\/p>\n","protected":false},"author":1,"featured_media":0,"parent":0,"menu_order":0,"comment_status":"closed","ping_status":"closed","template":"","meta":{"_monsterinsights_skip_tracking":false,"_monsterinsights_sitenote_active":false,"_monsterinsights_sitenote_note":"","_monsterinsights_sitenote_category":0},"_links":{"self":[{"href":"https:\/\/www.solidaritate.eu\/index.php\/wp-json\/wp\/v2\/pages\/11"}],"collection":[{"href":"https:\/\/www.solidaritate.eu\/index.php\/wp-json\/wp\/v2\/pages"}],"about":[{"href":"https:\/\/www.solidaritate.eu\/index.php\/wp-json\/wp\/v2\/types\/page"}],"author":[{"embeddable":true,"href":"https:\/\/www.solidaritate.eu\/index.php\/wp-json\/wp\/v2\/users\/1"}],"replies":[{"embeddable":true,"href":"https:\/\/www.solidaritate.eu\/index.php\/wp-json\/wp\/v2\/comments?post=11"}],"version-history":[{"count":117,"href":"https:\/\/www.solidaritate.eu\/index.php\/wp-json\/wp\/v2\/pages\/11\/revisions"}],"predecessor-version":[{"id":1982,"href":"https:\/\/www.solidaritate.eu\/index.php\/wp-json\/wp\/v2\/pages\/11\/revisions\/1982"}],"wp:attachment":[{"href":"https:\/\/www.solidaritate.eu\/index.php\/wp-json\/wp\/v2\/media?parent=11"}],"curies":[{"name":"wp","href":"https:\/\/api.w.org\/{rel}","templated":true}]}}