{"id":1600,"date":"2021-06-11T18:34:00","date_gmt":"2021-06-11T16:34:00","guid":{"rendered":"http:\/\/www.solidaritate.eu\/?page_id=1600"},"modified":"2021-06-11T18:34:01","modified_gmt":"2021-06-11T16:34:01","slug":"argedava","status":"publish","type":"page","link":"https:\/\/www.solidaritate.eu\/index.php\/activitati\/proiecte\/cooperformance-ro\/argedava\/","title":{"rendered":"Cooperativa Agricol\u0103 Argedava"},"content":{"rendered":"<h2 style=\"text-align: center;\"><span class=\"tlid-translation translation\" lang=\"ro\">Cooperativa Agricol\u0103 Argedava<\/span><\/h2>\n<p>Cooperativa a fost \u00eenfiin\u021bat\u0103 \u00een 2019 \u0219i are \u00een prezent 5 membri, \u00eentreprinderi de tineri fermieri &#8211; fermieri la \u00eenceput de drum, stabili\u021bi recent \u00een sudul Rom\u00e2niei. Cooperativa este implicat\u0103 \u00een principal \u00een marketingul produc\u021biei membrilor c\u0103tre lan\u021buri de supermarketuri multina\u021bionale din ce \u00een ce mai interesate s\u0103 cumpere legume proaspete locale ca r\u0103spuns la preferin\u021bele clien\u021bilor.<\/p>\n<p>Cooperativa a fost \u00eenfiin\u021bat\u0103 de un t\u00e2n\u0103r fermier &#8211; care a \u00eenceput s\u0103 fac\u0103 agricultur\u0103 \u00een 2009 \u2013 un fost angajat \u00een sectorul financiar din Bucure\u0219ti, care \u00een urma crizei financiare a decis s\u0103 investeasc\u0103 \u0219i s\u0103 \u00eenceap\u0103 o ferm\u0103 \u00eentr-un sat din apropierea Bucure\u0219tiului &#8211; Novaci, jude\u021bul Giurgiu. A \u00eenceput o ferm\u0103 de tomate, cultur\u0103 hidroponic\u0103 de 1,15 ha &#8211; finan\u021bat\u0103 tot printr-un<br \/>proiect UE &#8211; cu depozit \u0219i linie de prelucrare primar\u0103. \u00cen 2019 a ini\u021biat formarea unui grup de tineri fermieri profesioni\u0219ti din sectorul legumelor &#8211; majoritatea cu studii superioare, cu studii \u00een agricultur\u0103 &#8211; sub forma unei cooperative.<\/p>\n<h2><span class=\"tlid-translation translation\" lang=\"ro\"><img loading=\"lazy\" class=\" wp-image-1628 aligncenter\" src=\"https:\/\/www.solidaritate.eu\/wp-content\/uploads\/2021\/06\/argedava-fondator-1-300x133.jpg\" alt=\"\" width=\"458\" height=\"203\" srcset=\"https:\/\/www.solidaritate.eu\/wp-content\/uploads\/2021\/06\/argedava-fondator-1-300x133.jpg 300w, https:\/\/www.solidaritate.eu\/wp-content\/uploads\/2021\/06\/argedava-fondator-1-768x339.jpg 768w, https:\/\/www.solidaritate.eu\/wp-content\/uploads\/2021\/06\/argedava-fondator-1-1024x453.jpg 1024w, https:\/\/www.solidaritate.eu\/wp-content\/uploads\/2021\/06\/argedava-fondator-1.jpg 1638w\" sizes=\"(max-width: 458px) 100vw, 458px\" \/><\/span><\/h2>\n<p>Cooperativa este \u00eenc\u0103 sub controlul ini\u021biatorului a c\u0103rui ferm\u0103 reprezint\u0103 peste 58% din m\u0103rfurile v\u00e2ndute de cooperativ\u0103. Cooperativa \u00eei folose\u0219te depozitul, neav\u00e2nd \u00eenc\u0103 un depozit propriu. De asemenea, acest cel mai mare fermier gestioneaz\u0103 direct v\u00e2nz\u0103rile cooperativei c\u0103tre comercian\u021bii cu am\u0103nuntul \u0219i este pl\u0103tit de cooperativ\u0103 pentru aceast\u0103 activitate.<\/p>\n<p>Cooperativa nu are \u00eenc\u0103 o strategie de dezvoltare clar\u0103 &#8211; membrii se concentreaz\u0103 \u00eenc\u0103 pe dezvoltarea fermelor proprii, majoritatea fiind \u00eencep\u0103tori \u00een agricultur\u0103. Cooperativa este privit\u0103 mai ales ca un instrument pentru facilit\u0103\u021bile fiscale \u0219i optimizarea costurilor fiscale ale<br \/>fermierilor dec\u00e2t o afacere comun\u0103 care ar putea prelua multe dintre func\u021biile pe care membrii le \u00eendeplinesc acum \u00een mod individual.<\/p>\n<p>Importurile din alte \u021b\u0103ri ale UE pentru a continua s\u0103 v\u00e2nd\u0103 nu sunt o op\u021biune bun\u0103, \u00eentruc\u00e2t cooperativele sunt v\u0103zute ca promotori ai m\u0103rfurilor rom\u00e2ne\u0219ti produse local \u0219i v\u00e2nzarea de produse str\u0103ine le-ar afecta imaginea \u0219i \u00eencrederea consumatorilor \u00een cooperativele rom\u00e2ne\u0219ti.<\/p>\n<p>Studiul de caz \u00een forma extins\u0103 poate fi consultat\u00a0<a href=\"https:\/\/www.solidaritate.eu\/wp-content\/uploads\/2021\/06\/O1_Romania_Argedava_Novaci_final_romanian.pdf\">la acest link.<\/a><\/p>\n<p>\u00a0<img loading=\"lazy\" class=\"size-medium wp-image-307 aligncenter\" src=\"https:\/\/www.solidaritate.eu\/wp-content\/uploads\/2018\/03\/FINCare_UE-300x66.jpg\" alt=\"\" width=\"300\" height=\"66\" srcset=\"https:\/\/www.solidaritate.eu\/wp-content\/uploads\/2018\/03\/FINCare_UE-300x66.jpg 300w, https:\/\/www.solidaritate.eu\/wp-content\/uploads\/2018\/03\/FINCare_UE.jpg 700w\" sizes=\"(max-width: 300px) 100vw, 300px\" \/><\/p>\n\n\n<p><\/p>\n","protected":false},"excerpt":{"rendered":"<p>Cooperativa Agricol\u0103 Argedava Cooperativa a fost \u00eenfiin\u021bat\u0103 \u00een 2019 \u0219i are \u00een prezent 5 membri, \u00eentreprinderi de tineri fermieri &#8211; fermieri la \u00eenceput de drum, stabili\u021bi recent \u00een sudul Rom\u00e2niei. Cooperativa este implicat\u0103 \u00een principal \u00een marketingul produc\u021biei membrilor c\u0103tre&hellip;<\/p>\n","protected":false},"author":1,"featured_media":0,"parent":1532,"menu_order":0,"comment_status":"closed","ping_status":"closed","template":"","meta":{"_monsterinsights_skip_tracking":false,"_monsterinsights_sitenote_active":false,"_monsterinsights_sitenote_note":"","_monsterinsights_sitenote_category":0},"_links":{"self":[{"href":"https:\/\/www.solidaritate.eu\/index.php\/wp-json\/wp\/v2\/pages\/1600"}],"collection":[{"href":"https:\/\/www.solidaritate.eu\/index.php\/wp-json\/wp\/v2\/pages"}],"about":[{"href":"https:\/\/www.solidaritate.eu\/index.php\/wp-json\/wp\/v2\/types\/page"}],"author":[{"embeddable":true,"href":"https:\/\/www.solidaritate.eu\/index.php\/wp-json\/wp\/v2\/users\/1"}],"replies":[{"embeddable":true,"href":"https:\/\/www.solidaritate.eu\/index.php\/wp-json\/wp\/v2\/comments?post=1600"}],"version-history":[{"count":1,"href":"https:\/\/www.solidaritate.eu\/index.php\/wp-json\/wp\/v2\/pages\/1600\/revisions"}],"predecessor-version":[{"id":1630,"href":"https:\/\/www.solidaritate.eu\/index.php\/wp-json\/wp\/v2\/pages\/1600\/revisions\/1630"}],"up":[{"embeddable":true,"href":"https:\/\/www.solidaritate.eu\/index.php\/wp-json\/wp\/v2\/pages\/1532"}],"wp:attachment":[{"href":"https:\/\/www.solidaritate.eu\/index.php\/wp-json\/wp\/v2\/media?parent=1600"}],"curies":[{"name":"wp","href":"https:\/\/api.w.org\/{rel}","templated":true}]}}